{"id":4156,"date":"2024-07-10T12:11:09","date_gmt":"2024-07-10T12:11:09","guid":{"rendered":"https:\/\/www.vefadent.com.tr\/haufig-gestellte-fragen\/"},"modified":"2025-04-05T16:18:09","modified_gmt":"2025-04-05T16:18:09","slug":"haufig-gestellte-fragen","status":"publish","type":"page","link":"https:\/\/www.vefadent.com.tr\/de\/haufig-gestellte-fragen\/","title":{"rendered":"H\u00e4ufig gestellte Fragen"},"content":{"rendered":"\t\t<div data-elementor-type=\"wp-page\" data-elementor-id=\"4156\" class=\"elementor elementor-4156 elementor-400\" data-elementor-settings=\"{&quot;element_pack_global_tooltip_width&quot;:{&quot;unit&quot;:&quot;px&quot;,&quot;size&quot;:&quot;&quot;,&quot;sizes&quot;:[]},&quot;element_pack_global_tooltip_width_tablet&quot;:{&quot;unit&quot;:&quot;px&quot;,&quot;size&quot;:&quot;&quot;,&quot;sizes&quot;:[]},&quot;element_pack_global_tooltip_width_mobile&quot;:{&quot;unit&quot;:&quot;px&quot;,&quot;size&quot;:&quot;&quot;,&quot;sizes&quot;:[]},&quot;element_pack_global_tooltip_padding&quot;:{&quot;unit&quot;:&quot;px&quot;,&quot;top&quot;:&quot;&quot;,&quot;right&quot;:&quot;&quot;,&quot;bottom&quot;:&quot;&quot;,&quot;left&quot;:&quot;&quot;,&quot;isLinked&quot;:true},&quot;element_pack_global_tooltip_padding_tablet&quot;:{&quot;unit&quot;:&quot;px&quot;,&quot;top&quot;:&quot;&quot;,&quot;right&quot;:&quot;&quot;,&quot;bottom&quot;:&quot;&quot;,&quot;left&quot;:&quot;&quot;,&quot;isLinked&quot;:true},&quot;element_pack_global_tooltip_padding_mobile&quot;:{&quot;unit&quot;:&quot;px&quot;,&quot;top&quot;:&quot;&quot;,&quot;right&quot;:&quot;&quot;,&quot;bottom&quot;:&quot;&quot;,&quot;left&quot;:&quot;&quot;,&quot;isLinked&quot;:true},&quot;element_pack_global_tooltip_border_radius&quot;:{&quot;unit&quot;:&quot;px&quot;,&quot;top&quot;:&quot;&quot;,&quot;right&quot;:&quot;&quot;,&quot;bottom&quot;:&quot;&quot;,&quot;left&quot;:&quot;&quot;,&quot;isLinked&quot;:true},&quot;element_pack_global_tooltip_border_radius_tablet&quot;:{&quot;unit&quot;:&quot;px&quot;,&quot;top&quot;:&quot;&quot;,&quot;right&quot;:&quot;&quot;,&quot;bottom&quot;:&quot;&quot;,&quot;left&quot;:&quot;&quot;,&quot;isLinked&quot;:true},&quot;element_pack_global_tooltip_border_radius_mobile&quot;:{&quot;unit&quot;:&quot;px&quot;,&quot;top&quot;:&quot;&quot;,&quot;right&quot;:&quot;&quot;,&quot;bottom&quot;:&quot;&quot;,&quot;left&quot;:&quot;&quot;,&quot;isLinked&quot;:true}}\" data-elementor-post-type=\"page\">\n\t\t\t\t<div class=\"elementor-element elementor-element-d60421e e-flex e-con-boxed e-con e-parent\" data-id=\"d60421e\" data-element_type=\"container\" data-e-type=\"container\">\n\t\t\t\t\t<div class=\"e-con-inner\">\n\t\t<div class=\"elementor-element elementor-element-b34b525 e-con-full e-flex e-con e-child\" data-id=\"b34b525\" data-element_type=\"container\" data-e-type=\"container\">\n\t\t\t\t<div class=\"elementor-element elementor-element-3006eda ui-e-animation-acc-basic ui-e-animation-ico-fade elementor-widget elementor-widget-uicore-accordion\" data-id=\"3006eda\" data-element_type=\"widget\" data-e-type=\"widget\" data-settings=\"{&quot;collapsible&quot;:&quot;true&quot;,&quot;active_hash&quot;:&quot;no&quot;,&quot;accordion_animation&quot;:&quot;ui-e-animation-acc-basic&quot;}\" data-widget_type=\"uicore-accordion.default\">\n\t\t\t\t<div class=\"elementor-widget-container\">\n\t\t\t\t\t        <div class=\"ui-e-accordion\" itemscope=\"\" itemtype=\"https:\/\/schema.org\/FAQPage\">\n\n                            <div class=\"ui-e-accordion-item ui-e-item ui-open\" role=\"button\" tabindex=\"0\" aria-expanded=\"true\" aria-controls=\"ui-e-acc-1\" id=\"ui-e-ich-habe-duenne-schwarze-linien-auf-meinen-backenzaehnen-ist-das-karies\" itemscope=\"\" itemprop=\"mainEntity\" itemtype=\"https:\/\/schema.org\/Question\">\n\n                    <h5 class=\"ui-e-accordion-title ui-e-title \">\n\n                                                    <span class=\"ui-e-accordion-icon ui-e-icon ui-e-left\" aria-hidden=\"true\">\n\n                                <span class=\"ui-e-accordion-icon-closed\">\n                                    <svg aria-hidden=\"true\" class=\"e-font-icon-svg e-fas-plus\" viewBox=\"0 0 448 512\" xmlns=\"http:\/\/www.w3.org\/2000\/svg\"><path d=\"M416 208H272V64c0-17.67-14.33-32-32-32h-32c-17.67 0-32 14.33-32 32v144H32c-17.67 0-32 14.33-32 32v32c0 17.67 14.33 32 32 32h144v144c0 17.67 14.33 32 32 32h32c17.67 0 32-14.33 32-32V304h144c17.67 0 32-14.33 32-32v-32c0-17.67-14.33-32-32-32z\"><\/path><\/svg>                                <\/span>\n\n                                                                    <span class=\"ui-e-accordion-icon-opened\">\n                                        <svg aria-hidden=\"true\" class=\"e-font-icon-svg e-fas-minus\" viewBox=\"0 0 448 512\" xmlns=\"http:\/\/www.w3.org\/2000\/svg\"><path d=\"M416 208H32c-17.67 0-32 14.33-32 32v32c0 17.67 14.33 32 32 32h384c17.67 0 32-14.33 32-32v-32c0-17.67-14.33-32-32-32z\"><\/path><\/svg>                                    <\/span>\n                                \n                            <\/span>\n                        \n                                                <span class=\"ui-e-accordion-title-text ui-e-title-text\" itemprop=\"name\">\n                                                        Ich habe d\u00fcnne schwarze Linien auf meinen Backenz\u00e4hnen, ist das Karies?                        <\/span>\n\n                    <\/h5>\n\n                    <div class=\"ui-e-accordion-content ui-e-content\" style=\"\" aria-labelledby=\"ui-e-ich-habe-duenne-schwarze-linien-auf-meinen-backenzaehnen-ist-das-karies\" id=\"ui-e-acc-1\" itemscope=\"\" itemprop=\"acceptedAnswer\" itemtype=\"https:\/\/schema.org\/Answer\">\n                                                        <div itemprop=\"text\">\n                                <p>Flecken, die als feine Linien erscheinen, sind in der Regel ein Anzeichen f\u00fcr den Beginn von Karies. Sie tritt besonders h\u00e4ufig in Bereichen mit sehr tiefen Vertiefungen auf, in denen B\u00fcrste und Speichel nicht in Kontakt kommen. Die alte Behandlungsmethode, bei der man abwartet, bis die Karies w\u00e4chst, und sie dann f\u00fcllt, wird in der modernen Zahnmedizin nicht akzeptiert. In einem solchen Fall wird der Zahn mit Fl\u00fcssigkeiten angef\u00e4rbt, die in der Lage sind, Karies durch Anf\u00e4rben zu erkennen, und die Ansatzpunkte der Karies werden mit Ger\u00e4ten (Schlinge oder Mikroskop) mit Vergr\u00f6\u00dferungsfunktion aufgesp\u00fcrt. Das Ziel dieser Fissurotomie genannten Technik ist es, zu verhindern, dass der Zahn an der gleichen Stelle erneut kari\u00f6s wird, und zu verhindern, dass der Zahn wie ein Eisberg w\u00e4chst, der von au\u00dfen punktf\u00f6rmig aussieht, aber tiefer w\u00e4chst.   <\/p>                                <\/div>\n                                            <\/div>\n\n                <\/div>\n                            <div class=\"ui-e-accordion-item ui-e-item\" role=\"button\" tabindex=\"0\" aria-expanded=\"false\" aria-controls=\"ui-e-acc-2\" id=\"ui-e-ich-putze-meine-zaehne-regelmaessig-jeden-tag-mit-fluoridierter-zahnpasta-glauben-sie-dass-meine-mundpflege-ausreichend-ist\" itemscope=\"\" itemprop=\"mainEntity\" itemtype=\"https:\/\/schema.org\/Question\">\n\n                    <h5 class=\"ui-e-accordion-title ui-e-title \">\n\n                                                    <span class=\"ui-e-accordion-icon ui-e-icon ui-e-left\" aria-hidden=\"true\">\n\n                                <span class=\"ui-e-accordion-icon-closed\">\n                                    <svg aria-hidden=\"true\" class=\"e-font-icon-svg e-fas-plus\" viewBox=\"0 0 448 512\" xmlns=\"http:\/\/www.w3.org\/2000\/svg\"><path d=\"M416 208H272V64c0-17.67-14.33-32-32-32h-32c-17.67 0-32 14.33-32 32v144H32c-17.67 0-32 14.33-32 32v32c0 17.67 14.33 32 32 32h144v144c0 17.67 14.33 32 32 32h32c17.67 0 32-14.33 32-32V304h144c17.67 0 32-14.33 32-32v-32c0-17.67-14.33-32-32-32z\"><\/path><\/svg>                                <\/span>\n\n                                                                    <span class=\"ui-e-accordion-icon-opened\">\n                                        <svg aria-hidden=\"true\" class=\"e-font-icon-svg e-fas-minus\" viewBox=\"0 0 448 512\" xmlns=\"http:\/\/www.w3.org\/2000\/svg\"><path d=\"M416 208H32c-17.67 0-32 14.33-32 32v32c0 17.67 14.33 32 32 32h384c17.67 0 32-14.33 32-32v-32c0-17.67-14.33-32-32-32z\"><\/path><\/svg>                                    <\/span>\n                                \n                            <\/span>\n                        \n                                                <span class=\"ui-e-accordion-title-text ui-e-title-text\" itemprop=\"name\">\n                                                        Ich putze meine Z\u00e4hne regelm\u00e4\u00dfig jeden Tag mit fluoridierter Zahnpasta. Glauben Sie, dass meine Mundpflege ausreichend ist?                        <\/span>\n\n                    <\/h5>\n\n                    <div class=\"ui-e-accordion-content ui-e-content\" style=\"display:none;\" aria-labelledby=\"ui-e-ich-putze-meine-zaehne-regelmaessig-jeden-tag-mit-fluoridierter-zahnpasta-glauben-sie-dass-meine-mundpflege-ausreichend-ist\" id=\"ui-e-acc-2\" itemscope=\"\" itemprop=\"acceptedAnswer\" itemtype=\"https:\/\/schema.org\/Answer\">\n                                                        <div itemprop=\"text\">\n                                <p>Das so genannte \"Fluorid\", das in ausreichender Menge in Zahnpasten und Trinkwasser enthalten ist, verhindert nur, dass die \u00e4u\u00dferste Schicht des Zahns verf\u00e4llt. Wenn Sie eine Initialkaries oder eine interfaziale Karies haben, haben Sie au\u00dfen eine nicht zerfallende Schicht, aber tief unten schreitet die Karies weiter voran. <br>Ein kariesfreier Mund kann mit der richtigen Mundpflege, dem richtigen Z\u00e4hneputzen, der Reinigung der Zahnzwischenr\u00e4ume und der \u00e4rztlichen Kontrolle alle 6 Monate vollst\u00e4ndig erreicht werden.<\/p>                                <\/div>\n                                            <\/div>\n\n                <\/div>\n                            <div class=\"ui-e-accordion-item ui-e-item\" role=\"button\" tabindex=\"0\" aria-expanded=\"false\" aria-controls=\"ui-e-acc-3\" id=\"ui-e-ich-habe-eine-grosse-karies-in-meinem-zahn-ich-kann-meinen-zahn-kaum-noch-sehen-sollte-ich-ihn-extrahieren-und-implantieren-lassen-kann-mein-zahn-ohne-extraktion-behandelt-werden\" itemscope=\"\" itemprop=\"mainEntity\" itemtype=\"https:\/\/schema.org\/Question\">\n\n                    <h5 class=\"ui-e-accordion-title ui-e-title \">\n\n                                                    <span class=\"ui-e-accordion-icon ui-e-icon ui-e-left\" aria-hidden=\"true\">\n\n                                <span class=\"ui-e-accordion-icon-closed\">\n                                    <svg aria-hidden=\"true\" class=\"e-font-icon-svg e-fas-plus\" viewBox=\"0 0 448 512\" xmlns=\"http:\/\/www.w3.org\/2000\/svg\"><path d=\"M416 208H272V64c0-17.67-14.33-32-32-32h-32c-17.67 0-32 14.33-32 32v144H32c-17.67 0-32 14.33-32 32v32c0 17.67 14.33 32 32 32h144v144c0 17.67 14.33 32 32 32h32c17.67 0 32-14.33 32-32V304h144c17.67 0 32-14.33 32-32v-32c0-17.67-14.33-32-32-32z\"><\/path><\/svg>                                <\/span>\n\n                                                                    <span class=\"ui-e-accordion-icon-opened\">\n                                        <svg aria-hidden=\"true\" class=\"e-font-icon-svg e-fas-minus\" viewBox=\"0 0 448 512\" xmlns=\"http:\/\/www.w3.org\/2000\/svg\"><path d=\"M416 208H32c-17.67 0-32 14.33-32 32v32c0 17.67 14.33 32 32 32h384c17.67 0 32-14.33 32-32v-32c0-17.67-14.33-32-32-32z\"><\/path><\/svg>                                    <\/span>\n                                \n                            <\/span>\n                        \n                                                <span class=\"ui-e-accordion-title-text ui-e-title-text\" itemprop=\"name\">\n                                                        Ich habe eine gro\u00dfe Karies in meinem Zahn. Ich kann meinen Zahn kaum noch sehen. Sollte ich ihn extrahieren und implantieren lassen? Kann mein Zahn ohne Extraktion behandelt werden?                           <\/span>\n\n                    <\/h5>\n\n                    <div class=\"ui-e-accordion-content ui-e-content\" style=\"display:none;\" aria-labelledby=\"ui-e-ich-habe-eine-grosse-karies-in-meinem-zahn-ich-kann-meinen-zahn-kaum-noch-sehen-sollte-ich-ihn-extrahieren-und-implantieren-lassen-kann-mein-zahn-ohne-extraktion-behandelt-werden\" id=\"ui-e-acc-3\" itemscope=\"\" itemprop=\"acceptedAnswer\" itemtype=\"https:\/\/schema.org\/Answer\">\n                                                        <div itemprop=\"text\">\n                                <p>Wenn auf dem R\u00f6ntgenbild keine Zyste an der Zahnwurzel zu sehen ist und der den Zahn umgebende Knochen nicht schwer besch\u00e4digt ist, ist eine Behandlung m\u00f6glich.<br>Auch wenn Ihr Zahn abgebrochen ist, kann er mit modernen Klebstoffen (Harzzement) und einem Material namens Faserstift verst\u00e4rkt werden (die kleinen schraubenartigen Stifte, die fr\u00fcher verwendet wurden, sind durch Faserstifte ersetzt worden). Anschlie\u00dfend kann eine Porzellankrone oder ein Porzellan-Onlay aufgesetzt werden. Ihr Arzt wird Sie bei der Untersuchung \u00fcber die richtige Behandlungstechnik informieren.  <\/p>                                <\/div>\n                                            <\/div>\n\n                <\/div>\n                            <div class=\"ui-e-accordion-item ui-e-item\" role=\"button\" tabindex=\"0\" aria-expanded=\"false\" aria-controls=\"ui-e-acc-4\" id=\"ui-e-was-ist-zirkoniumporzellan-ist-es-wirklich-die-aesthetischste-art-von-porzellan\" itemscope=\"\" itemprop=\"mainEntity\" itemtype=\"https:\/\/schema.org\/Question\">\n\n                    <h5 class=\"ui-e-accordion-title ui-e-title \">\n\n                                                    <span class=\"ui-e-accordion-icon ui-e-icon ui-e-left\" aria-hidden=\"true\">\n\n                                <span class=\"ui-e-accordion-icon-closed\">\n                                    <svg aria-hidden=\"true\" class=\"e-font-icon-svg e-fas-plus\" viewBox=\"0 0 448 512\" xmlns=\"http:\/\/www.w3.org\/2000\/svg\"><path d=\"M416 208H272V64c0-17.67-14.33-32-32-32h-32c-17.67 0-32 14.33-32 32v144H32c-17.67 0-32 14.33-32 32v32c0 17.67 14.33 32 32 32h144v144c0 17.67 14.33 32 32 32h32c17.67 0 32-14.33 32-32V304h144c17.67 0 32-14.33 32-32v-32c0-17.67-14.33-32-32-32z\"><\/path><\/svg>                                <\/span>\n\n                                                                    <span class=\"ui-e-accordion-icon-opened\">\n                                        <svg aria-hidden=\"true\" class=\"e-font-icon-svg e-fas-minus\" viewBox=\"0 0 448 512\" xmlns=\"http:\/\/www.w3.org\/2000\/svg\"><path d=\"M416 208H32c-17.67 0-32 14.33-32 32v32c0 17.67 14.33 32 32 32h384c17.67 0 32-14.33 32-32v-32c0-17.67-14.33-32-32-32z\"><\/path><\/svg>                                    <\/span>\n                                \n                            <\/span>\n                        \n                                                <span class=\"ui-e-accordion-title-text ui-e-title-text\" itemprop=\"name\">\n                                                        Was ist Zirkoniumporzellan? Ist es wirklich die \u00e4sthetischste Art von Porzellan?                         <\/span>\n\n                    <\/h5>\n\n                    <div class=\"ui-e-accordion-content ui-e-content\" style=\"display:none;\" aria-labelledby=\"ui-e-was-ist-zirkoniumporzellan-ist-es-wirklich-die-aesthetischste-art-von-porzellan\" id=\"ui-e-acc-4\" itemscope=\"\" itemprop=\"acceptedAnswer\" itemtype=\"https:\/\/schema.org\/Answer\">\n                                                        <div itemprop=\"text\">\n                                <p>Mit der fortschreitenden Technologie hat Zirkonium begonnen, Metallkeramik zu ersetzen. Unnat\u00fcrliche Porzellanverblendungen, die durch Metallunterkonstruktionen verursacht werden, und der schwarze Schatten in der N\u00e4he des Zahnfleischs sind dank Zirkonium verschwunden. Zirkonium wird jedoch vor allem f\u00fcr Br\u00fccken verwendet, bei denen es an Z\u00e4hnen mangelt. Wenn sie f\u00fcr einen einzelnen Zahn angefertigt werden soll oder wenn zu viele Z\u00e4hne einzeln angefertigt werden sollen, werden anstelle von Zirkonium Pressporzellan ohne Infrastruktur oder voll\u00e4sthetische Kronen empfohlen, die mit Computertechnologie entworfen und geformt werden. Diese Porzellane k\u00f6nnen ein nat\u00fcrlicheres Aussehen bieten.    <\/p>                                <\/div>\n                                            <\/div>\n\n                <\/div>\n                            <div class=\"ui-e-accordion-item ui-e-item\" role=\"button\" tabindex=\"0\" aria-expanded=\"false\" aria-controls=\"ui-e-acc-5\" id=\"ui-e-ich-moechte-porzellan-auf-meinen-vorderzaehnen-haben-aber-wenn-ich-laechle-moechte-ich-dass-mein-laecheln-schoen-weiss-und-wie-meine-eigenen-zaehne-aussieht-welche-behandlungstechnik-ist-fuer-mic\" itemscope=\"\" itemprop=\"mainEntity\" itemtype=\"https:\/\/schema.org\/Question\">\n\n                    <h5 class=\"ui-e-accordion-title ui-e-title \">\n\n                                                    <span class=\"ui-e-accordion-icon ui-e-icon ui-e-left\" aria-hidden=\"true\">\n\n                                <span class=\"ui-e-accordion-icon-closed\">\n                                    <svg aria-hidden=\"true\" class=\"e-font-icon-svg e-fas-plus\" viewBox=\"0 0 448 512\" xmlns=\"http:\/\/www.w3.org\/2000\/svg\"><path d=\"M416 208H272V64c0-17.67-14.33-32-32-32h-32c-17.67 0-32 14.33-32 32v144H32c-17.67 0-32 14.33-32 32v32c0 17.67 14.33 32 32 32h144v144c0 17.67 14.33 32 32 32h32c17.67 0 32-14.33 32-32V304h144c17.67 0 32-14.33 32-32v-32c0-17.67-14.33-32-32-32z\"><\/path><\/svg>                                <\/span>\n\n                                                                    <span class=\"ui-e-accordion-icon-opened\">\n                                        <svg aria-hidden=\"true\" class=\"e-font-icon-svg e-fas-minus\" viewBox=\"0 0 448 512\" xmlns=\"http:\/\/www.w3.org\/2000\/svg\"><path d=\"M416 208H32c-17.67 0-32 14.33-32 32v32c0 17.67 14.33 32 32 32h384c17.67 0 32-14.33 32-32v-32c0-17.67-14.33-32-32-32z\"><\/path><\/svg>                                    <\/span>\n                                \n                            <\/span>\n                        \n                                                <span class=\"ui-e-accordion-title-text ui-e-title-text\" itemprop=\"name\">\n                                                        Ich m\u00f6chte Porzellan auf meinen Vorderz\u00e4hnen haben, aber wenn ich l\u00e4chle, m\u00f6chte ich, dass mein L\u00e4cheln sch\u00f6n, wei\u00df und wie meine eigenen Z\u00e4hne aussieht. Welche Behandlungstechnik ist f\u00fcr mich am ges\u00fcndesten?                         <\/span>\n\n                    <\/h5>\n\n                    <div class=\"ui-e-accordion-content ui-e-content\" style=\"display:none;\" aria-labelledby=\"ui-e-ich-moechte-porzellan-auf-meinen-vorderzaehnen-haben-aber-wenn-ich-laechle-moechte-ich-dass-mein-laecheln-schoen-weiss-und-wie-meine-eigenen-zaehne-aussieht-welche-behandlungstechnik-ist-fuer-mic\" id=\"ui-e-acc-5\" itemscope=\"\" itemprop=\"acceptedAnswer\" itemtype=\"https:\/\/schema.org\/Answer\">\n                                                        <div itemprop=\"text\">\n                                <p>Wenn Sie zum ersten Mal Porzellan f\u00fcr Ihre Frontz\u00e4hne in Erw\u00e4gung ziehen, sind \"Laminat-Veneers\" aus Porzellan die f\u00fcr Sie am besten geeignete Behandlung. Bei \"Laminat-Veneers\" aus Porzellan werden die Z\u00e4hne nur sehr wenig beschnitten, es wird darauf geachtet, so wenig wie m\u00f6glich an Ihr Zahnfleisch heranzukommen, und da die R\u00fcckseite Ihrer Z\u00e4hne nicht beschnitten wird, werden Sie nicht ungewohnt sp\u00fcren, wo Ihre Zunge sie ber\u00fchrt. <\/p>                                <\/div>\n                                            <\/div>\n\n                <\/div>\n                            <div class=\"ui-e-accordion-item ui-e-item\" role=\"button\" tabindex=\"0\" aria-expanded=\"false\" aria-controls=\"ui-e-acc-6\" id=\"ui-e-ich-habe-das-gefuehl-dass-die-unterseite-meiner-veneers-naessen-und-ich-habe-einen-schlechten-geschmack-im-mund-muss-ich-meine-veneers-ersetzen\" itemscope=\"\" itemprop=\"mainEntity\" itemtype=\"https:\/\/schema.org\/Question\">\n\n                    <h5 class=\"ui-e-accordion-title ui-e-title \">\n\n                                                    <span class=\"ui-e-accordion-icon ui-e-icon ui-e-left\" aria-hidden=\"true\">\n\n                                <span class=\"ui-e-accordion-icon-closed\">\n                                    <svg aria-hidden=\"true\" class=\"e-font-icon-svg e-fas-plus\" viewBox=\"0 0 448 512\" xmlns=\"http:\/\/www.w3.org\/2000\/svg\"><path d=\"M416 208H272V64c0-17.67-14.33-32-32-32h-32c-17.67 0-32 14.33-32 32v144H32c-17.67 0-32 14.33-32 32v32c0 17.67 14.33 32 32 32h144v144c0 17.67 14.33 32 32 32h32c17.67 0 32-14.33 32-32V304h144c17.67 0 32-14.33 32-32v-32c0-17.67-14.33-32-32-32z\"><\/path><\/svg>                                <\/span>\n\n                                                                    <span class=\"ui-e-accordion-icon-opened\">\n                                        <svg aria-hidden=\"true\" class=\"e-font-icon-svg e-fas-minus\" viewBox=\"0 0 448 512\" xmlns=\"http:\/\/www.w3.org\/2000\/svg\"><path d=\"M416 208H32c-17.67 0-32 14.33-32 32v32c0 17.67 14.33 32 32 32h384c17.67 0 32-14.33 32-32v-32c0-17.67-14.33-32-32-32z\"><\/path><\/svg>                                    <\/span>\n                                \n                            <\/span>\n                        \n                                                <span class=\"ui-e-accordion-title-text ui-e-title-text\" itemprop=\"name\">\n                                                        Ich habe das Gef\u00fchl, dass die Unterseite meiner Veneers n\u00e4ssen und ich habe einen schlechten Geschmack im Mund. Muss ich meine Veneers ersetzen?                         <\/span>\n\n                    <\/h5>\n\n                    <div class=\"ui-e-accordion-content ui-e-content\" style=\"display:none;\" aria-labelledby=\"ui-e-ich-habe-das-gefuehl-dass-die-unterseite-meiner-veneers-naessen-und-ich-habe-einen-schlechten-geschmack-im-mund-muss-ich-meine-veneers-ersetzen\" id=\"ui-e-acc-6\" itemscope=\"\" itemprop=\"acceptedAnswer\" itemtype=\"https:\/\/schema.org\/Answer\">\n                                                        <div itemprop=\"text\">\n                                <p>Wenn sich Ihre Veneers schon lange in Ihrem Mund befinden und Sie Probleme wie Schmerzen oder einen schlechten Geschmack in diesem Bereich haben, sollten Sie unbedingt einen Zahnarzt aufsuchen. Nach einer eingehenden Untersuchung wird Ihnen Ihr Zahnarzt sagen, ob es notwendig ist, Ihre Veneers zu erneuern. <\/p>                                <\/div>\n                                            <\/div>\n\n                <\/div>\n                            <div class=\"ui-e-accordion-item ui-e-item\" role=\"button\" tabindex=\"0\" aria-expanded=\"false\" aria-controls=\"ui-e-acc-7\" id=\"ui-e-meine-vorderzaehne-sind-schief-und-zwischen-ihnen-sind-schwarze-flecken-ist-das-karies\" itemscope=\"\" itemprop=\"mainEntity\" itemtype=\"https:\/\/schema.org\/Question\">\n\n                    <h5 class=\"ui-e-accordion-title ui-e-title \">\n\n                                                    <span class=\"ui-e-accordion-icon ui-e-icon ui-e-left\" aria-hidden=\"true\">\n\n                                <span class=\"ui-e-accordion-icon-closed\">\n                                    <svg aria-hidden=\"true\" class=\"e-font-icon-svg e-fas-plus\" viewBox=\"0 0 448 512\" xmlns=\"http:\/\/www.w3.org\/2000\/svg\"><path d=\"M416 208H272V64c0-17.67-14.33-32-32-32h-32c-17.67 0-32 14.33-32 32v144H32c-17.67 0-32 14.33-32 32v32c0 17.67 14.33 32 32 32h144v144c0 17.67 14.33 32 32 32h32c17.67 0 32-14.33 32-32V304h144c17.67 0 32-14.33 32-32v-32c0-17.67-14.33-32-32-32z\"><\/path><\/svg>                                <\/span>\n\n                                                                    <span class=\"ui-e-accordion-icon-opened\">\n                                        <svg aria-hidden=\"true\" class=\"e-font-icon-svg e-fas-minus\" viewBox=\"0 0 448 512\" xmlns=\"http:\/\/www.w3.org\/2000\/svg\"><path d=\"M416 208H32c-17.67 0-32 14.33-32 32v32c0 17.67 14.33 32 32 32h384c17.67 0 32-14.33 32-32v-32c0-17.67-14.33-32-32-32z\"><\/path><\/svg>                                    <\/span>\n                                \n                            <\/span>\n                        \n                                                <span class=\"ui-e-accordion-title-text ui-e-title-text\" itemprop=\"name\">\n                                                        Meine Vorderz\u00e4hne sind schief und zwischen ihnen sind schwarze Flecken, ist das Karies?                        <\/span>\n\n                    <\/h5>\n\n                    <div class=\"ui-e-accordion-content ui-e-content\" style=\"display:none;\" aria-labelledby=\"ui-e-meine-vorderzaehne-sind-schief-und-zwischen-ihnen-sind-schwarze-flecken-ist-das-karies\" id=\"ui-e-acc-7\" itemscope=\"\" itemprop=\"acceptedAnswer\" itemtype=\"https:\/\/schema.org\/Answer\">\n                                                        <div itemprop=\"text\">\n                                <p>Bei schiefen Z\u00e4hnen gibt es eine hohe Rate an Interface-Karies. Das liegt daran, dass dieser Bereich nicht gut gereinigt wird. Wenn Sie vermuten, dass es sich bei den schwarzen Flecken um Karies handelt, sollten Sie sich von Ihrem Zahnarzt gr\u00fcndlich untersuchen lassen. Mit modernen F\u00fcllungsmethoden kann Karies bereits im Anfangsstadium erkannt und gef\u00fcllt werden.   <\/p>                                <\/div>\n                                            <\/div>\n\n                <\/div>\n                            <div class=\"ui-e-accordion-item ui-e-item\" role=\"button\" tabindex=\"0\" aria-expanded=\"false\" aria-controls=\"ui-e-acc-8\" id=\"ui-e-ich-habe-eine-grosse-fraktur-in-meinem-vorderzahn-wird-die-fuellung-hier-halten-sollte-ich-ein-veneer-bekommen\" itemscope=\"\" itemprop=\"mainEntity\" itemtype=\"https:\/\/schema.org\/Question\">\n\n                    <h5 class=\"ui-e-accordion-title ui-e-title \">\n\n                                                    <span class=\"ui-e-accordion-icon ui-e-icon ui-e-left\" aria-hidden=\"true\">\n\n                                <span class=\"ui-e-accordion-icon-closed\">\n                                    <svg aria-hidden=\"true\" class=\"e-font-icon-svg e-fas-plus\" viewBox=\"0 0 448 512\" xmlns=\"http:\/\/www.w3.org\/2000\/svg\"><path d=\"M416 208H272V64c0-17.67-14.33-32-32-32h-32c-17.67 0-32 14.33-32 32v144H32c-17.67 0-32 14.33-32 32v32c0 17.67 14.33 32 32 32h144v144c0 17.67 14.33 32 32 32h32c17.67 0 32-14.33 32-32V304h144c17.67 0 32-14.33 32-32v-32c0-17.67-14.33-32-32-32z\"><\/path><\/svg>                                <\/span>\n\n                                                                    <span class=\"ui-e-accordion-icon-opened\">\n                                        <svg aria-hidden=\"true\" class=\"e-font-icon-svg e-fas-minus\" viewBox=\"0 0 448 512\" xmlns=\"http:\/\/www.w3.org\/2000\/svg\"><path d=\"M416 208H32c-17.67 0-32 14.33-32 32v32c0 17.67 14.33 32 32 32h384c17.67 0 32-14.33 32-32v-32c0-17.67-14.33-32-32-32z\"><\/path><\/svg>                                    <\/span>\n                                \n                            <\/span>\n                        \n                                                <span class=\"ui-e-accordion-title-text ui-e-title-text\" itemprop=\"name\">\n                                                        Ich habe eine gro\u00dfe Fraktur in meinem Vorderzahn. Wird die F\u00fcllung hier halten? Sollte ich ein Veneer bekommen?                         <\/span>\n\n                    <\/h5>\n\n                    <div class=\"ui-e-accordion-content ui-e-content\" style=\"display:none;\" aria-labelledby=\"ui-e-ich-habe-eine-grosse-fraktur-in-meinem-vorderzahn-wird-die-fuellung-hier-halten-sollte-ich-ein-veneer-bekommen\" id=\"ui-e-acc-8\" itemscope=\"\" itemprop=\"acceptedAnswer\" itemtype=\"https:\/\/schema.org\/Answer\">\n                                                        <div itemprop=\"text\">\n                                <p>Mit der<strong>\"Adh\u00e4sivtechnik<\/strong>\", die eine hohe Adh\u00e4sionsrate am Zahn aufweist, ist es m\u00f6glich, dass die F\u00fcllung sehr gut am Zahn haftet. Mit der mehrschichtigen <strong>\u00e4sthetischen F\u00fcllungstechnik<\/strong> erh\u00e4lt man das <strong>dem nat\u00fcrlichen Zahn<\/strong> am n\u00e4chsten kommende Bild und Sie k\u00f6nnen Ihren Zahn lange Zeit bequem benutzen. <\/p>                                <\/div>\n                                            <\/div>\n\n                <\/div>\n                            <div class=\"ui-e-accordion-item ui-e-item\" role=\"button\" tabindex=\"0\" aria-expanded=\"false\" aria-controls=\"ui-e-acc-9\" id=\"ui-e-ist-die-zahnaufhellung-schaedlich\" itemscope=\"\" itemprop=\"mainEntity\" itemtype=\"https:\/\/schema.org\/Question\">\n\n                    <h5 class=\"ui-e-accordion-title ui-e-title \">\n\n                                                    <span class=\"ui-e-accordion-icon ui-e-icon ui-e-left\" aria-hidden=\"true\">\n\n                                <span class=\"ui-e-accordion-icon-closed\">\n                                    <svg aria-hidden=\"true\" class=\"e-font-icon-svg e-fas-plus\" viewBox=\"0 0 448 512\" xmlns=\"http:\/\/www.w3.org\/2000\/svg\"><path d=\"M416 208H272V64c0-17.67-14.33-32-32-32h-32c-17.67 0-32 14.33-32 32v144H32c-17.67 0-32 14.33-32 32v32c0 17.67 14.33 32 32 32h144v144c0 17.67 14.33 32 32 32h32c17.67 0 32-14.33 32-32V304h144c17.67 0 32-14.33 32-32v-32c0-17.67-14.33-32-32-32z\"><\/path><\/svg>                                <\/span>\n\n                                                                    <span class=\"ui-e-accordion-icon-opened\">\n                                        <svg aria-hidden=\"true\" class=\"e-font-icon-svg e-fas-minus\" viewBox=\"0 0 448 512\" xmlns=\"http:\/\/www.w3.org\/2000\/svg\"><path d=\"M416 208H32c-17.67 0-32 14.33-32 32v32c0 17.67 14.33 32 32 32h384c17.67 0 32-14.33 32-32v-32c0-17.67-14.33-32-32-32z\"><\/path><\/svg>                                    <\/span>\n                                \n                            <\/span>\n                        \n                                                <span class=\"ui-e-accordion-title-text ui-e-title-text\" itemprop=\"name\">\n                                                        Ist die Zahnaufhellung sch\u00e4dlich?                        <\/span>\n\n                    <\/h5>\n\n                    <div class=\"ui-e-accordion-content ui-e-content\" style=\"display:none;\" aria-labelledby=\"ui-e-ist-die-zahnaufhellung-schaedlich\" id=\"ui-e-acc-9\" itemscope=\"\" itemprop=\"acceptedAnswer\" itemtype=\"https:\/\/schema.org\/Answer\">\n                                                        <div itemprop=\"text\">\n                                <p>Die Zahnaufhellung ist im Allgemeinen ein sicheres Verfahren, wenn sie richtig durchgef\u00fchrt wird. Wenn es von einem professionellen Zahnarzt durchgef\u00fchrt wird, ist das Risiko, Ihren Zahnschmelz zu besch\u00e4digen, minimal. Wenn Sie jedoch zu Hause bleichen, sollten Sie vorsichtig sein und die Anweisungen befolgen. Nebenwirkungen wie Empfindlichkeit k\u00f6nnen auftreten, sind aber in der Regel nur vor\u00fcbergehend.   <\/p>                                <\/div>\n                                            <\/div>\n\n                <\/div>\n                            <div class=\"ui-e-accordion-item ui-e-item\" role=\"button\" tabindex=\"0\" aria-expanded=\"false\" aria-controls=\"ui-e-acc-10\" id=\"ui-e-wie-lange-haelt-eine-zahnfuellung\" itemscope=\"\" itemprop=\"mainEntity\" itemtype=\"https:\/\/schema.org\/Question\">\n\n                    <h5 class=\"ui-e-accordion-title ui-e-title \">\n\n                                                    <span class=\"ui-e-accordion-icon ui-e-icon ui-e-left\" aria-hidden=\"true\">\n\n                                <span class=\"ui-e-accordion-icon-closed\">\n                                    <svg aria-hidden=\"true\" class=\"e-font-icon-svg e-fas-plus\" viewBox=\"0 0 448 512\" xmlns=\"http:\/\/www.w3.org\/2000\/svg\"><path d=\"M416 208H272V64c0-17.67-14.33-32-32-32h-32c-17.67 0-32 14.33-32 32v144H32c-17.67 0-32 14.33-32 32v32c0 17.67 14.33 32 32 32h144v144c0 17.67 14.33 32 32 32h32c17.67 0 32-14.33 32-32V304h144c17.67 0 32-14.33 32-32v-32c0-17.67-14.33-32-32-32z\"><\/path><\/svg>                                <\/span>\n\n                                                                    <span class=\"ui-e-accordion-icon-opened\">\n                                        <svg aria-hidden=\"true\" class=\"e-font-icon-svg e-fas-minus\" viewBox=\"0 0 448 512\" xmlns=\"http:\/\/www.w3.org\/2000\/svg\"><path d=\"M416 208H32c-17.67 0-32 14.33-32 32v32c0 17.67 14.33 32 32 32h384c17.67 0 32-14.33 32-32v-32c0-17.67-14.33-32-32-32z\"><\/path><\/svg>                                    <\/span>\n                                \n                            <\/span>\n                        \n                                                <span class=\"ui-e-accordion-title-text ui-e-title-text\" itemprop=\"name\">\n                                                        Wie lange h\u00e4lt eine Zahnf\u00fcllung?                        <\/span>\n\n                    <\/h5>\n\n                    <div class=\"ui-e-accordion-content ui-e-content\" style=\"display:none;\" aria-labelledby=\"ui-e-wie-lange-haelt-eine-zahnfuellung\" id=\"ui-e-acc-10\" itemscope=\"\" itemprop=\"acceptedAnswer\" itemtype=\"https:\/\/schema.org\/Answer\">\n                                                        <div itemprop=\"text\">\n                                <p>Die Lebensdauer von Zahnf\u00fcllungen variiert je nach Art des verwendeten Materials und Ihrer Mundpflege. Amalgamf\u00fcllungen halten in der Regel 10-15 Jahre, w\u00e4hrend Kompositf\u00fcllungen (wei\u00dfe F\u00fcllungen) zwischen 5-7 Jahre halten k\u00f6nnen. Regelm\u00e4\u00dfige zahn\u00e4rztliche Kontrolluntersuchungen und eine gute Mundhygiene k\u00f6nnen die Lebensdauer Ihrer F\u00fcllungen verl\u00e4ngern.  <\/p>                                <\/div>\n                                            <\/div>\n\n                <\/div>\n                            <div class=\"ui-e-accordion-item ui-e-item\" role=\"button\" tabindex=\"0\" aria-expanded=\"false\" aria-controls=\"ui-e-acc-11\" id=\"ui-e-ist-zahnseide-wirklich-notwendig\" itemscope=\"\" itemprop=\"mainEntity\" itemtype=\"https:\/\/schema.org\/Question\">\n\n                    <h5 class=\"ui-e-accordion-title ui-e-title \">\n\n                                                    <span class=\"ui-e-accordion-icon ui-e-icon ui-e-left\" aria-hidden=\"true\">\n\n                                <span class=\"ui-e-accordion-icon-closed\">\n                                    <svg aria-hidden=\"true\" class=\"e-font-icon-svg e-fas-plus\" viewBox=\"0 0 448 512\" xmlns=\"http:\/\/www.w3.org\/2000\/svg\"><path d=\"M416 208H272V64c0-17.67-14.33-32-32-32h-32c-17.67 0-32 14.33-32 32v144H32c-17.67 0-32 14.33-32 32v32c0 17.67 14.33 32 32 32h144v144c0 17.67 14.33 32 32 32h32c17.67 0 32-14.33 32-32V304h144c17.67 0 32-14.33 32-32v-32c0-17.67-14.33-32-32-32z\"><\/path><\/svg>                                <\/span>\n\n                                                                    <span class=\"ui-e-accordion-icon-opened\">\n                                        <svg aria-hidden=\"true\" class=\"e-font-icon-svg e-fas-minus\" viewBox=\"0 0 448 512\" xmlns=\"http:\/\/www.w3.org\/2000\/svg\"><path d=\"M416 208H32c-17.67 0-32 14.33-32 32v32c0 17.67 14.33 32 32 32h384c17.67 0 32-14.33 32-32v-32c0-17.67-14.33-32-32-32z\"><\/path><\/svg>                                    <\/span>\n                                \n                            <\/span>\n                        \n                                                <span class=\"ui-e-accordion-title-text ui-e-title-text\" itemprop=\"name\">\n                                                        Ist Zahnseide wirklich notwendig?                        <\/span>\n\n                    <\/h5>\n\n                    <div class=\"ui-e-accordion-content ui-e-content\" style=\"display:none;\" aria-labelledby=\"ui-e-ist-zahnseide-wirklich-notwendig\" id=\"ui-e-acc-11\" itemscope=\"\" itemprop=\"acceptedAnswer\" itemtype=\"https:\/\/schema.org\/Answer\">\n                                                        <div itemprop=\"text\">\n                                <p>Ja, Zahnseide ist ein wichtiger Bestandteil der Zahngesundheit. W\u00e4hrend das B\u00fcrsten die Zahnoberfl\u00e4chen reinigt, entfernt die Zahnseide Nahrungspartikel und Plaque zwischen den Z\u00e4hnen. Zahnseide hilft, Zahnfleischerkrankungen vorzubeugen und vervollst\u00e4ndigt Ihre Mundhygiene.  <\/p>                                <\/div>\n                                            <\/div>\n\n                <\/div>\n                            <div class=\"ui-e-accordion-item ui-e-item\" role=\"button\" tabindex=\"0\" aria-expanded=\"false\" aria-controls=\"ui-e-acc-12\" id=\"ui-e-wie-werden-zahnfleischerkrankungen-behandelt\" itemscope=\"\" itemprop=\"mainEntity\" itemtype=\"https:\/\/schema.org\/Question\">\n\n                    <h5 class=\"ui-e-accordion-title ui-e-title \">\n\n                                                    <span class=\"ui-e-accordion-icon ui-e-icon ui-e-left\" aria-hidden=\"true\">\n\n                                <span class=\"ui-e-accordion-icon-closed\">\n                                    <svg aria-hidden=\"true\" class=\"e-font-icon-svg e-fas-plus\" viewBox=\"0 0 448 512\" xmlns=\"http:\/\/www.w3.org\/2000\/svg\"><path d=\"M416 208H272V64c0-17.67-14.33-32-32-32h-32c-17.67 0-32 14.33-32 32v144H32c-17.67 0-32 14.33-32 32v32c0 17.67 14.33 32 32 32h144v144c0 17.67 14.33 32 32 32h32c17.67 0 32-14.33 32-32V304h144c17.67 0 32-14.33 32-32v-32c0-17.67-14.33-32-32-32z\"><\/path><\/svg>                                <\/span>\n\n                                                                    <span class=\"ui-e-accordion-icon-opened\">\n                                        <svg aria-hidden=\"true\" class=\"e-font-icon-svg e-fas-minus\" viewBox=\"0 0 448 512\" xmlns=\"http:\/\/www.w3.org\/2000\/svg\"><path d=\"M416 208H32c-17.67 0-32 14.33-32 32v32c0 17.67 14.33 32 32 32h384c17.67 0 32-14.33 32-32v-32c0-17.67-14.33-32-32-32z\"><\/path><\/svg>                                    <\/span>\n                                \n                            <\/span>\n                        \n                                                <span class=\"ui-e-accordion-title-text ui-e-title-text\" itemprop=\"name\">\n                                                        Wie werden Zahnfleischerkrankungen behandelt?                        <\/span>\n\n                    <\/h5>\n\n                    <div class=\"ui-e-accordion-content ui-e-content\" style=\"display:none;\" aria-labelledby=\"ui-e-wie-werden-zahnfleischerkrankungen-behandelt\" id=\"ui-e-acc-12\" itemscope=\"\" itemprop=\"acceptedAnswer\" itemtype=\"https:\/\/schema.org\/Answer\">\n                                                        <div itemprop=\"text\">\n                                <p>Die Behandlung von Zahnfleischerkrankungen h\u00e4ngt vom Schweregrad der Erkrankung ab. Leichte Gingivitis kann mit regelm\u00e4\u00dfigem Z\u00e4hneputzen und Zahnseide behandelt werden. In fortgeschritteneren F\u00e4llen kann Ihr Zahnarzt eine professionelle Reinigung, Wurzelgl\u00e4ttung oder chirurgische Eingriffe empfehlen. Eine fr\u00fchzeitige Diagnose und Behandlung ist wichtig, um das Fortschreiten der Zahnfleischerkrankung zu verhindern.   <\/p>                                <\/div>\n                                            <\/div>\n\n                <\/div>\n                            <div class=\"ui-e-accordion-item ui-e-item\" role=\"button\" tabindex=\"0\" aria-expanded=\"false\" aria-controls=\"ui-e-acc-13\" id=\"ui-e-warum-bekomme-ich-karies-obwohl-ich-mir-jeden-tag-die-zaehne-putze\" itemscope=\"\" itemprop=\"mainEntity\" itemtype=\"https:\/\/schema.org\/Question\">\n\n                    <h5 class=\"ui-e-accordion-title ui-e-title \">\n\n                                                    <span class=\"ui-e-accordion-icon ui-e-icon ui-e-left\" aria-hidden=\"true\">\n\n                                <span class=\"ui-e-accordion-icon-closed\">\n                                    <svg aria-hidden=\"true\" class=\"e-font-icon-svg e-fas-plus\" viewBox=\"0 0 448 512\" xmlns=\"http:\/\/www.w3.org\/2000\/svg\"><path d=\"M416 208H272V64c0-17.67-14.33-32-32-32h-32c-17.67 0-32 14.33-32 32v144H32c-17.67 0-32 14.33-32 32v32c0 17.67 14.33 32 32 32h144v144c0 17.67 14.33 32 32 32h32c17.67 0 32-14.33 32-32V304h144c17.67 0 32-14.33 32-32v-32c0-17.67-14.33-32-32-32z\"><\/path><\/svg>                                <\/span>\n\n                                                                    <span class=\"ui-e-accordion-icon-opened\">\n                                        <svg aria-hidden=\"true\" class=\"e-font-icon-svg e-fas-minus\" viewBox=\"0 0 448 512\" xmlns=\"http:\/\/www.w3.org\/2000\/svg\"><path d=\"M416 208H32c-17.67 0-32 14.33-32 32v32c0 17.67 14.33 32 32 32h384c17.67 0 32-14.33 32-32v-32c0-17.67-14.33-32-32-32z\"><\/path><\/svg>                                    <\/span>\n                                \n                            <\/span>\n                        \n                                                <span class=\"ui-e-accordion-title-text ui-e-title-text\" itemprop=\"name\">\n                                                        Warum bekomme ich Karies, obwohl ich mir jeden Tag die Z\u00e4hne putze?                        <\/span>\n\n                    <\/h5>\n\n                    <div class=\"ui-e-accordion-content ui-e-content\" style=\"display:none;\" aria-labelledby=\"ui-e-warum-bekomme-ich-karies-obwohl-ich-mir-jeden-tag-die-zaehne-putze\" id=\"ui-e-acc-13\" itemscope=\"\" itemprop=\"acceptedAnswer\" itemtype=\"https:\/\/schema.org\/Answer\">\n                                                        <div itemprop=\"text\">\n                                <p>Karies l\u00e4sst sich nicht allein durch Z\u00e4hneputzen verhindern. Die Reinigung der Zahnzwischenr\u00e4ume (mit Zahnseide oder Interdentalb\u00fcrsten) und regelm\u00e4\u00dfige zahn\u00e4rztliche Kontrolluntersuchungen spielen eine wichtige Rolle bei der Kariespr\u00e4vention. Dar\u00fcber hinaus k\u00f6nnen auch Ihre Essgewohnheiten und genetische Faktoren die Entstehung von Karies beeinflussen.  <\/p>                                <\/div>\n                                            <\/div>\n\n                <\/div>\n                            <div class=\"ui-e-accordion-item ui-e-item\" role=\"button\" tabindex=\"0\" aria-expanded=\"false\" aria-controls=\"ui-e-acc-14\" id=\"ui-e-ist-ein-implantat-ein-schmerzhafter-eingriff\" itemscope=\"\" itemprop=\"mainEntity\" itemtype=\"https:\/\/schema.org\/Question\">\n\n                    <h5 class=\"ui-e-accordion-title ui-e-title \">\n\n                                                    <span class=\"ui-e-accordion-icon ui-e-icon ui-e-left\" aria-hidden=\"true\">\n\n                                <span class=\"ui-e-accordion-icon-closed\">\n                                    <svg aria-hidden=\"true\" class=\"e-font-icon-svg e-fas-plus\" viewBox=\"0 0 448 512\" xmlns=\"http:\/\/www.w3.org\/2000\/svg\"><path d=\"M416 208H272V64c0-17.67-14.33-32-32-32h-32c-17.67 0-32 14.33-32 32v144H32c-17.67 0-32 14.33-32 32v32c0 17.67 14.33 32 32 32h144v144c0 17.67 14.33 32 32 32h32c17.67 0 32-14.33 32-32V304h144c17.67 0 32-14.33 32-32v-32c0-17.67-14.33-32-32-32z\"><\/path><\/svg>                                <\/span>\n\n                                                                    <span class=\"ui-e-accordion-icon-opened\">\n                                        <svg aria-hidden=\"true\" class=\"e-font-icon-svg e-fas-minus\" viewBox=\"0 0 448 512\" xmlns=\"http:\/\/www.w3.org\/2000\/svg\"><path d=\"M416 208H32c-17.67 0-32 14.33-32 32v32c0 17.67 14.33 32 32 32h384c17.67 0 32-14.33 32-32v-32c0-17.67-14.33-32-32-32z\"><\/path><\/svg>                                    <\/span>\n                                \n                            <\/span>\n                        \n                                                <span class=\"ui-e-accordion-title-text ui-e-title-text\" itemprop=\"name\">\n                                                        Ist ein Implantat ein schmerzhafter Eingriff?                        <\/span>\n\n                    <\/h5>\n\n                    <div class=\"ui-e-accordion-content ui-e-content\" style=\"display:none;\" aria-labelledby=\"ui-e-ist-ein-implantat-ein-schmerzhafter-eingriff\" id=\"ui-e-acc-14\" itemscope=\"\" itemprop=\"acceptedAnswer\" itemtype=\"https:\/\/schema.org\/Answer\">\n                                                        <div itemprop=\"text\">\n                                <p>Eine Implantatbehandlung wird im Allgemeinen nicht als schmerzhafter Eingriff angesehen. Da w\u00e4hrend des Eingriffs eine \u00f6rtliche Bet\u00e4ubung vorgenommen wird, sind keine Schmerzen zu sp\u00fcren. Nach dem Abklingen der Bet\u00e4ubung kann ein leichtes Unbehagen auftreten, das aber in der Regel gering ist und mit Schmerzmitteln kontrolliert werden kann. Zahn\u00e4rzte haben Erfahrung darin, Schmerzen auf ein Minimum zu beschr\u00e4nken, so dass es unwahrscheinlich ist, dass Sie Schmerzen haben. Wenn die Schmerzen unertr\u00e4glich werden, wenden Sie sich am besten an Ihren Zahnarzt.    <\/p>                                <\/div>\n                                            <\/div>\n\n                <\/div>\n                            <div class=\"ui-e-accordion-item ui-e-item\" role=\"button\" tabindex=\"0\" aria-expanded=\"false\" aria-controls=\"ui-e-acc-15\" id=\"ui-e-was-ist-pink-aesthetics\" itemscope=\"\" itemprop=\"mainEntity\" itemtype=\"https:\/\/schema.org\/Question\">\n\n                    <h5 class=\"ui-e-accordion-title ui-e-title \">\n\n                                                    <span class=\"ui-e-accordion-icon ui-e-icon ui-e-left\" aria-hidden=\"true\">\n\n                                <span class=\"ui-e-accordion-icon-closed\">\n                                    <svg aria-hidden=\"true\" class=\"e-font-icon-svg e-fas-plus\" viewBox=\"0 0 448 512\" xmlns=\"http:\/\/www.w3.org\/2000\/svg\"><path d=\"M416 208H272V64c0-17.67-14.33-32-32-32h-32c-17.67 0-32 14.33-32 32v144H32c-17.67 0-32 14.33-32 32v32c0 17.67 14.33 32 32 32h144v144c0 17.67 14.33 32 32 32h32c17.67 0 32-14.33 32-32V304h144c17.67 0 32-14.33 32-32v-32c0-17.67-14.33-32-32-32z\"><\/path><\/svg>                                <\/span>\n\n                                                                    <span class=\"ui-e-accordion-icon-opened\">\n                                        <svg aria-hidden=\"true\" class=\"e-font-icon-svg e-fas-minus\" viewBox=\"0 0 448 512\" xmlns=\"http:\/\/www.w3.org\/2000\/svg\"><path d=\"M416 208H32c-17.67 0-32 14.33-32 32v32c0 17.67 14.33 32 32 32h384c17.67 0 32-14.33 32-32v-32c0-17.67-14.33-32-32-32z\"><\/path><\/svg>                                    <\/span>\n                                \n                            <\/span>\n                        \n                                                <span class=\"ui-e-accordion-title-text ui-e-title-text\" itemprop=\"name\">\n                                                        Was ist Pink Aesthetics?                        <\/span>\n\n                    <\/h5>\n\n                    <div class=\"ui-e-accordion-content ui-e-content\" style=\"display:none;\" aria-labelledby=\"ui-e-was-ist-pink-aesthetics\" id=\"ui-e-acc-15\" itemscope=\"\" itemprop=\"acceptedAnswer\" itemtype=\"https:\/\/schema.org\/Answer\">\n                                                        <div itemprop=\"text\">\n                                <p>Rosa \u00c4sthetik sind Anwendungen zur Verbesserung des Aussehens und der Gesundheit des Zahnfleischs f\u00fcr ein \u00e4sthetisches L\u00e4cheln. Gesundes Zahnfleisch sollte eine hellrosa Farbe haben, nicht klumpig sein und gut an den Z\u00e4hnen haften. Die rosa \u00c4sthetik zielt darauf ab, das Zahnfleisch \u00e4sthetisch angemessen zu gestalten, um ein perfektes L\u00e4cheln zu erreichen.  <\/p>                                <\/div>\n                                            <\/div>\n\n                <\/div>\n                            <div class=\"ui-e-accordion-item ui-e-item\" role=\"button\" tabindex=\"0\" aria-expanded=\"false\" aria-controls=\"ui-e-acc-16\" id=\"ui-e-was-ist-porzellanlaminat\" itemscope=\"\" itemprop=\"mainEntity\" itemtype=\"https:\/\/schema.org\/Question\">\n\n                    <h5 class=\"ui-e-accordion-title ui-e-title \">\n\n                                                    <span class=\"ui-e-accordion-icon ui-e-icon ui-e-left\" aria-hidden=\"true\">\n\n                                <span class=\"ui-e-accordion-icon-closed\">\n                                    <svg aria-hidden=\"true\" class=\"e-font-icon-svg e-fas-plus\" viewBox=\"0 0 448 512\" xmlns=\"http:\/\/www.w3.org\/2000\/svg\"><path d=\"M416 208H272V64c0-17.67-14.33-32-32-32h-32c-17.67 0-32 14.33-32 32v144H32c-17.67 0-32 14.33-32 32v32c0 17.67 14.33 32 32 32h144v144c0 17.67 14.33 32 32 32h32c17.67 0 32-14.33 32-32V304h144c17.67 0 32-14.33 32-32v-32c0-17.67-14.33-32-32-32z\"><\/path><\/svg>                                <\/span>\n\n                                                                    <span class=\"ui-e-accordion-icon-opened\">\n                                        <svg aria-hidden=\"true\" class=\"e-font-icon-svg e-fas-minus\" viewBox=\"0 0 448 512\" xmlns=\"http:\/\/www.w3.org\/2000\/svg\"><path d=\"M416 208H32c-17.67 0-32 14.33-32 32v32c0 17.67 14.33 32 32 32h384c17.67 0 32-14.33 32-32v-32c0-17.67-14.33-32-32-32z\"><\/path><\/svg>                                    <\/span>\n                                \n                            <\/span>\n                        \n                                                <span class=\"ui-e-accordion-title-text ui-e-title-text\" itemprop=\"name\">\n                                                        Was ist Porzellanlaminat?                        <\/span>\n\n                    <\/h5>\n\n                    <div class=\"ui-e-accordion-content ui-e-content\" style=\"display:none;\" aria-labelledby=\"ui-e-was-ist-porzellanlaminat\" id=\"ui-e-acc-16\" itemscope=\"\" itemprop=\"acceptedAnswer\" itemtype=\"https:\/\/schema.org\/Answer\">\n                                                        <div itemprop=\"text\">\n                                <p>Porzellanlaminate sind d\u00fcnne Porzellanschichten, die aufgetragen werden, um das \u00e4sthetische Erscheinungsbild der Frontz\u00e4hne zu ver\u00e4ndern. Diese Lamellen, die auf die vordere Oberfl\u00e4che der Z\u00e4hne geklebt werden, sorgen f\u00fcr Farb-, Form- und Positionskorrekturen. Bei der Anwendung von Lamellen wird in der Regel nur die vordere Oberfl\u00e4che der Z\u00e4hne minimal abgeschliffen. Wenn die Z\u00e4hne klein sind oder eine L\u00fccke zwischen ihnen besteht, kann sie auch ohne Abrasion angebracht werden. Porzellanlamellen sorgen f\u00fcr ein \u00e4sthetisches Erscheinungsbild, indem sie die Zahnsubstanz sch\u00fctzen.    <\/p>                                <\/div>\n                                            <\/div>\n\n                <\/div>\n                            <div class=\"ui-e-accordion-item ui-e-item\" role=\"button\" tabindex=\"0\" aria-expanded=\"false\" aria-controls=\"ui-e-acc-17\" id=\"ui-e-ist-es-notwendig-milchzaehne-zu-behandeln\" itemscope=\"\" itemprop=\"mainEntity\" itemtype=\"https:\/\/schema.org\/Question\">\n\n                    <h5 class=\"ui-e-accordion-title ui-e-title \">\n\n                                                    <span class=\"ui-e-accordion-icon ui-e-icon ui-e-left\" aria-hidden=\"true\">\n\n                                <span class=\"ui-e-accordion-icon-closed\">\n                                    <svg aria-hidden=\"true\" class=\"e-font-icon-svg e-fas-plus\" viewBox=\"0 0 448 512\" xmlns=\"http:\/\/www.w3.org\/2000\/svg\"><path d=\"M416 208H272V64c0-17.67-14.33-32-32-32h-32c-17.67 0-32 14.33-32 32v144H32c-17.67 0-32 14.33-32 32v32c0 17.67 14.33 32 32 32h144v144c0 17.67 14.33 32 32 32h32c17.67 0 32-14.33 32-32V304h144c17.67 0 32-14.33 32-32v-32c0-17.67-14.33-32-32-32z\"><\/path><\/svg>                                <\/span>\n\n                                                                    <span class=\"ui-e-accordion-icon-opened\">\n                                        <svg aria-hidden=\"true\" class=\"e-font-icon-svg e-fas-minus\" viewBox=\"0 0 448 512\" xmlns=\"http:\/\/www.w3.org\/2000\/svg\"><path d=\"M416 208H32c-17.67 0-32 14.33-32 32v32c0 17.67 14.33 32 32 32h384c17.67 0 32-14.33 32-32v-32c0-17.67-14.33-32-32-32z\"><\/path><\/svg>                                    <\/span>\n                                \n                            <\/span>\n                        \n                                                <span class=\"ui-e-accordion-title-text ui-e-title-text\" itemprop=\"name\">\n                                                        Ist es notwendig, Milchz\u00e4hne zu behandeln?                        <\/span>\n\n                    <\/h5>\n\n                    <div class=\"ui-e-accordion-content ui-e-content\" style=\"display:none;\" aria-labelledby=\"ui-e-ist-es-notwendig-milchzaehne-zu-behandeln\" id=\"ui-e-acc-17\" itemscope=\"\" itemprop=\"acceptedAnswer\" itemtype=\"https:\/\/schema.org\/Answer\">\n                                                        <div itemprop=\"text\">\n                                <p>Obwohl Milchz\u00e4hne vor\u00fcbergehend sind, sind sie wichtig f\u00fcr die Mundgesundheit. Karies kann dem Kind Schmerzen bereiten und die Entwicklung der bleibenden Z\u00e4hne beeintr\u00e4chtigen. Unbehandelt kann Karies zur Zahnextraktion f\u00fchren, was wiederum zu schiefen Z\u00e4hnen und einer gest\u00f6rten Kieferentwicklung f\u00fchren kann. Im Alter von 6 Jahren brechen die ersten bleibenden Z\u00e4hne durch, die ein Leben lang genutzt werden. Daher ist es wichtig, die 6-j\u00e4hrigen Z\u00e4hne zu sch\u00fctzen. Es ist notwendig, die Zahngesundheit von Kindern regelm\u00e4\u00dfig zu \u00fcberwachen und sie einmal im Jahr zum Zahnarzt zu bringen. Die Anwendung von Fissurenversiegelungen kann ebenfalls helfen, Karies zu verhindern.      <\/p>                                <\/div>\n                                            <\/div>\n\n                <\/div>\n                    <\/div>\n\t\t\t\t<\/div>\n\t\t\t\t<\/div>\n\t\t\t\t<\/div>\n\t\t\t\t\t<\/div>\n\t\t\t\t<\/div>\n\t\t<div class=\"elementor-element elementor-element-028ce22 e-flex e-con-boxed e-con e-parent\" data-id=\"028ce22\" data-element_type=\"container\" data-e-type=\"container\" data-settings=\"{&quot;background_background&quot;:&quot;classic&quot;}\">\n\t\t\t\t\t<div class=\"e-con-inner\">\n\t\t<div class=\"elementor-element elementor-element-9daa42b e-con-full e-flex e-con e-child\" data-id=\"9daa42b\" data-element_type=\"container\" data-e-type=\"container\" data-settings=\"{&quot;background_background&quot;:&quot;classic&quot;}\">\n\t\t\t\t<div class=\"elementor-element elementor-element-f7256de ui-e-a-animate elementor-widget elementor-widget-highlighted-text\" data-id=\"f7256de\" data-element_type=\"widget\" data-e-type=\"widget\" data-widget_type=\"highlighted-text.default\">\n\t\t\t\t<div class=\"elementor-widget-container\">\n\t\t\t\t\t        <h2 class=\"ui-e--highlighted-text\">\n            <span class=\"ui-e-headline-text elementor-repeater-item-59b8ee8\">Wie ist der Prozess<\/span><span class=\"ui-e-headline-text elementor-repeater-item-8add9ac ui-e-headline-stroke1\">\n\t\t\t\t\t\t\t\t\t<span class=\"whitespace\"><\/span>\n                                    <span>\n                                        <span class=\"ui-e-headline-text ui-e-headline-highlighted\">Es funktioniert<\/span><span class=\"uicore-svg-wrapper\"><svg xmlns=\"http:\/\/www.w3.org\/2000\/svg\" viewBox=\"0 0 500 150\" preserveAspectRatio=\"none\"><path d='M15.2,133.3L15.2,133.3c121.9-7.6,244-9.9,366.1-6.8c34.6,0.9,69.1,2.3,103.7,4' \/><\/svg><\/span><\/span> <span class=\"whitespace\"> <\/span><\/span>        <\/h2>\n    \t\t\t\t<\/div>\n\t\t\t\t<\/div>\n\t\t\t\t<div class=\"elementor-element elementor-element-5615ec7 elementor-widget__width-initial elementor-widget-tablet__width-initial elementor-widget-mobile__width-inherit elementor-widget elementor-widget-text-editor\" data-id=\"5615ec7\" data-element_type=\"widget\" data-e-type=\"widget\" data-widget_type=\"text-editor.default\">\n\t\t\t\t<div class=\"elementor-widget-container\">\n\t\t\t\t\t\t\t\t\t<p>Wie l\u00e4uft der Termin, Ihr erster Besuch und danach ab?<\/p>\t\t\t\t\t\t\t\t<\/div>\n\t\t\t\t<\/div>\n\t\t<div class=\"elementor-element elementor-element-3ae2ad3 e-grid e-con-full e-con e-child\" data-id=\"3ae2ad3\" data-element_type=\"container\" data-e-type=\"container\">\n\t\t<div class=\"elementor-element elementor-element-6d2e660 e-con-full e-flex e-con e-child\" data-id=\"6d2e660\" data-element_type=\"container\" data-e-type=\"container\" data-settings=\"{&quot;background_background&quot;:&quot;classic&quot;}\">\n\t\t\t\t<div class=\"elementor-element elementor-element-fc62f35 ui-e-top ui-e-align-center ui-e-align-tablet-center ui-e-align-mobile-center elementor-widget elementor-widget-uicore-icon-box\" data-id=\"fc62f35\" data-element_type=\"widget\" data-e-type=\"widget\" data-settings=\"{&quot;position&quot;:&quot;top&quot;,&quot;readmore&quot;:&quot;yes&quot;,&quot;content_padding&quot;:{&quot;unit&quot;:&quot;px&quot;,&quot;top&quot;:&quot;&quot;,&quot;right&quot;:&quot;&quot;,&quot;bottom&quot;:&quot;&quot;,&quot;left&quot;:&quot;&quot;,&quot;isLinked&quot;:true},&quot;content_padding_tablet&quot;:{&quot;unit&quot;:&quot;px&quot;,&quot;top&quot;:&quot;&quot;,&quot;right&quot;:&quot;&quot;,&quot;bottom&quot;:&quot;&quot;,&quot;left&quot;:&quot;&quot;,&quot;isLinked&quot;:true},&quot;content_padding_mobile&quot;:{&quot;unit&quot;:&quot;px&quot;,&quot;top&quot;:&quot;&quot;,&quot;right&quot;:&quot;&quot;,&quot;bottom&quot;:&quot;&quot;,&quot;left&quot;:&quot;&quot;,&quot;isLinked&quot;:true}}\" data-widget_type=\"uicore-icon-box.default\">\n\t\t\t\t<div class=\"elementor-widget-container\">\n\t\t\t\t\t\n        <div class=\"ui-e-ico-box\" >\n\n            \n            <div class='ui-e-flex-wrp'>\n\n                                    <div class=\"ui-e-icon-wrp\">\n\n                        <svg aria-hidden=\"true\" class=\"e-font-icon-svg e-far-calendar-check\" viewBox=\"0 0 448 512\" xmlns=\"http:\/\/www.w3.org\/2000\/svg\"><path d=\"M400 64h-48V12c0-6.627-5.373-12-12-12h-40c-6.627 0-12 5.373-12 12v52H160V12c0-6.627-5.373-12-12-12h-40c-6.627 0-12 5.373-12 12v52H48C21.49 64 0 85.49 0 112v352c0 26.51 21.49 48 48 48h352c26.51 0 48-21.49 48-48V112c0-26.51-21.49-48-48-48zm-6 400H54a6 6 0 0 1-6-6V160h352v298a6 6 0 0 1-6 6zm-52.849-200.65L198.842 404.519c-4.705 4.667-12.303 4.637-16.971-.068l-75.091-75.699c-4.667-4.705-4.637-12.303.068-16.971l22.719-22.536c4.705-4.667 12.303-4.637 16.97.069l44.104 44.461 111.072-110.181c4.705-4.667 12.303-4.637 16.971.068l22.536 22.718c4.667 4.705 4.636 12.303-.069 16.97z\"><\/path><\/svg>\n                    <\/div>\n                \n                <div class=\"ui-e-title-wrp\"><h4 class=\"ui-e-title\">Termin erstellen<\/h4><div class='ui-e-subtitle'>   <\/div><\/div>\n            <\/div>\n\n            <div class=\"ui-e-box-content\">\n                \n                <div class=\"ui-e-description\">\n                    Buchen Sie einen Termin ganz einfach online oder per Telefon.\n\n                <\/div>\n\n                                    <a class=\"ui-e-readmore\">\n\n                                                                    <\/a>\n                \n            <\/div>\n        <\/div>\n\t\t\t\t<\/div>\n\t\t\t\t<\/div>\n\t\t\t\t<\/div>\n\t\t<div class=\"elementor-element elementor-element-a2d6726 e-con-full e-flex e-con e-child\" data-id=\"a2d6726\" data-element_type=\"container\" data-e-type=\"container\" data-settings=\"{&quot;background_background&quot;:&quot;classic&quot;}\">\n\t\t\t\t<div class=\"elementor-element elementor-element-12948c9 ui-e-top ui-e-align-center ui-e-align-tablet-center ui-e-align-mobile-center elementor-widget elementor-widget-uicore-icon-box\" data-id=\"12948c9\" data-element_type=\"widget\" data-e-type=\"widget\" data-settings=\"{&quot;position&quot;:&quot;top&quot;,&quot;readmore&quot;:&quot;yes&quot;,&quot;content_padding&quot;:{&quot;unit&quot;:&quot;px&quot;,&quot;top&quot;:&quot;&quot;,&quot;right&quot;:&quot;&quot;,&quot;bottom&quot;:&quot;&quot;,&quot;left&quot;:&quot;&quot;,&quot;isLinked&quot;:true},&quot;content_padding_tablet&quot;:{&quot;unit&quot;:&quot;px&quot;,&quot;top&quot;:&quot;&quot;,&quot;right&quot;:&quot;&quot;,&quot;bottom&quot;:&quot;&quot;,&quot;left&quot;:&quot;&quot;,&quot;isLinked&quot;:true},&quot;content_padding_mobile&quot;:{&quot;unit&quot;:&quot;px&quot;,&quot;top&quot;:&quot;&quot;,&quot;right&quot;:&quot;&quot;,&quot;bottom&quot;:&quot;&quot;,&quot;left&quot;:&quot;&quot;,&quot;isLinked&quot;:true}}\" data-widget_type=\"uicore-icon-box.default\">\n\t\t\t\t<div class=\"elementor-widget-container\">\n\t\t\t\t\t\n        <div class=\"ui-e-ico-box\" >\n\n            \n            <div class='ui-e-flex-wrp'>\n\n                                    <div class=\"ui-e-icon-wrp\">\n\n                        <svg aria-hidden=\"true\" class=\"e-font-icon-svg e-fas-phone-alt\" viewBox=\"0 0 512 512\" xmlns=\"http:\/\/www.w3.org\/2000\/svg\"><path d=\"M497.39 361.8l-112-48a24 24 0 0 0-28 6.9l-49.6 60.6A370.66 370.66 0 0 1 130.6 204.11l60.6-49.6a23.94 23.94 0 0 0 6.9-28l-48-112A24.16 24.16 0 0 0 122.6.61l-104 24A24 24 0 0 0 0 48c0 256.5 207.9 464 464 464a24 24 0 0 0 23.4-18.6l24-104a24.29 24.29 0 0 0-14.01-27.6z\"><\/path><\/svg>\n                    <\/div>\n                \n                <div class=\"ui-e-title-wrp\"><h4 class=\"ui-e-title\">Wir rufen Sie an<\/h4><div class='ui-e-subtitle'>   <\/div><\/div>\n            <\/div>\n\n            <div class=\"ui-e-box-content\">\n                \n                <div class=\"ui-e-description\">\n                    <p>Lassen Sie sich f\u00fcr Details und zur Best\u00e4tigung Ihres Termins anrufen.<\/p>                <\/div>\n\n                                    <a class=\"ui-e-readmore\">\n\n                                                                    <\/a>\n                \n            <\/div>\n        <\/div>\n\t\t\t\t<\/div>\n\t\t\t\t<\/div>\n\t\t\t\t<\/div>\n\t\t<div class=\"elementor-element elementor-element-fcdecc9 e-con-full e-flex e-con e-child\" data-id=\"fcdecc9\" data-element_type=\"container\" data-e-type=\"container\" data-settings=\"{&quot;background_background&quot;:&quot;classic&quot;}\">\n\t\t\t\t<div class=\"elementor-element elementor-element-8c5e20c ui-e-top ui-e-align-center ui-e-align-tablet-center ui-e-align-mobile-center elementor-widget elementor-widget-uicore-icon-box\" data-id=\"8c5e20c\" data-element_type=\"widget\" data-e-type=\"widget\" data-settings=\"{&quot;position&quot;:&quot;top&quot;,&quot;readmore&quot;:&quot;yes&quot;,&quot;content_padding&quot;:{&quot;unit&quot;:&quot;px&quot;,&quot;top&quot;:&quot;&quot;,&quot;right&quot;:&quot;&quot;,&quot;bottom&quot;:&quot;&quot;,&quot;left&quot;:&quot;&quot;,&quot;isLinked&quot;:true},&quot;content_padding_tablet&quot;:{&quot;unit&quot;:&quot;px&quot;,&quot;top&quot;:&quot;&quot;,&quot;right&quot;:&quot;&quot;,&quot;bottom&quot;:&quot;&quot;,&quot;left&quot;:&quot;&quot;,&quot;isLinked&quot;:true},&quot;content_padding_mobile&quot;:{&quot;unit&quot;:&quot;px&quot;,&quot;top&quot;:&quot;&quot;,&quot;right&quot;:&quot;&quot;,&quot;bottom&quot;:&quot;&quot;,&quot;left&quot;:&quot;&quot;,&quot;isLinked&quot;:true}}\" data-widget_type=\"uicore-icon-box.default\">\n\t\t\t\t<div class=\"elementor-widget-container\">\n\t\t\t\t\t\n        <div class=\"ui-e-ico-box\" >\n\n            \n            <div class='ui-e-flex-wrp'>\n\n                                    <div class=\"ui-e-icon-wrp\">\n\n                        <svg aria-hidden=\"true\" class=\"e-font-icon-svg e-far-clipboard\" viewBox=\"0 0 384 512\" xmlns=\"http:\/\/www.w3.org\/2000\/svg\"><path d=\"M336 64h-80c0-35.3-28.7-64-64-64s-64 28.7-64 64H48C21.5 64 0 85.5 0 112v352c0 26.5 21.5 48 48 48h288c26.5 0 48-21.5 48-48V112c0-26.5-21.5-48-48-48zM192 40c13.3 0 24 10.7 24 24s-10.7 24-24 24-24-10.7-24-24 10.7-24 24-24zm144 418c0 3.3-2.7 6-6 6H54c-3.3 0-6-2.7-6-6V118c0-3.3 2.7-6 6-6h42v36c0 6.6 5.4 12 12 12h168c6.6 0 12-5.4 12-12v-36h42c3.3 0 6 2.7 6 6z\"><\/path><\/svg>\n                    <\/div>\n                \n                <div class=\"ui-e-title-wrp\"><h4 class=\"ui-e-title\">Kostenlose Voruntersuchung  <\/h4><div class='ui-e-subtitle'>   <\/div><\/div>\n            <\/div>\n\n            <div class=\"ui-e-box-content\">\n                \n                <div class=\"ui-e-description\">\n                    Lassen Sie sich kostenlos untersuchen, um Ihre Zahngesundheit zu beurteilen.\n\n                <\/div>\n\n                                    <a class=\"ui-e-readmore\">\n\n                                                                    <\/a>\n                \n            <\/div>\n        <\/div>\n\t\t\t\t<\/div>\n\t\t\t\t<\/div>\n\t\t\t\t<\/div>\n\t\t<div class=\"elementor-element elementor-element-603ae22 e-con-full e-flex e-con e-child\" data-id=\"603ae22\" data-element_type=\"container\" data-e-type=\"container\" data-settings=\"{&quot;background_background&quot;:&quot;classic&quot;}\">\n\t\t\t\t<div class=\"elementor-element elementor-element-a8d6fa8 ui-e-top ui-e-align-center ui-e-align-tablet-center ui-e-align-mobile-center elementor-widget elementor-widget-uicore-icon-box\" data-id=\"a8d6fa8\" data-element_type=\"widget\" data-e-type=\"widget\" data-settings=\"{&quot;position&quot;:&quot;top&quot;,&quot;readmore&quot;:&quot;yes&quot;,&quot;content_padding&quot;:{&quot;unit&quot;:&quot;px&quot;,&quot;top&quot;:&quot;&quot;,&quot;right&quot;:&quot;&quot;,&quot;bottom&quot;:&quot;&quot;,&quot;left&quot;:&quot;&quot;,&quot;isLinked&quot;:true},&quot;content_padding_tablet&quot;:{&quot;unit&quot;:&quot;px&quot;,&quot;top&quot;:&quot;&quot;,&quot;right&quot;:&quot;&quot;,&quot;bottom&quot;:&quot;&quot;,&quot;left&quot;:&quot;&quot;,&quot;isLinked&quot;:true},&quot;content_padding_mobile&quot;:{&quot;unit&quot;:&quot;px&quot;,&quot;top&quot;:&quot;&quot;,&quot;right&quot;:&quot;&quot;,&quot;bottom&quot;:&quot;&quot;,&quot;left&quot;:&quot;&quot;,&quot;isLinked&quot;:true}}\" data-widget_type=\"uicore-icon-box.default\">\n\t\t\t\t<div class=\"elementor-widget-container\">\n\t\t\t\t\t\n        <div class=\"ui-e-ico-box\" >\n\n            \n            <div class='ui-e-flex-wrp'>\n\n                                    <div class=\"ui-e-icon-wrp\">\n\n                        <svg aria-hidden=\"true\" class=\"e-font-icon-svg e-fas-check-double\" viewBox=\"0 0 512 512\" xmlns=\"http:\/\/www.w3.org\/2000\/svg\"><path d=\"M505 174.8l-39.6-39.6c-9.4-9.4-24.6-9.4-33.9 0L192 374.7 80.6 263.2c-9.4-9.4-24.6-9.4-33.9 0L7 302.9c-9.4 9.4-9.4 24.6 0 34L175 505c9.4 9.4 24.6 9.4 33.9 0l296-296.2c9.4-9.5 9.4-24.7.1-34zm-324.3 106c6.2 6.3 16.4 6.3 22.6 0l208-208.2c6.2-6.3 6.2-16.4 0-22.6L366.1 4.7c-6.2-6.3-16.4-6.3-22.6 0L192 156.2l-55.4-55.5c-6.2-6.3-16.4-6.3-22.6 0L68.7 146c-6.2 6.3-6.2 16.4 0 22.6l112 112.2z\"><\/path><\/svg>\n                    <\/div>\n                \n                <div class=\"ui-e-title-wrp\"><h4 class=\"ui-e-title\">Behandlungsplanung<\/h4><div class='ui-e-subtitle'>   <\/div><\/div>\n            <\/div>\n\n            <div class=\"ui-e-box-content\">\n                \n                <div class=\"ui-e-description\">\n                    Lassen Sie uns Ihren pers\u00f6nlichen Behandlungsplan erstellen und umsetzen.                <\/div>\n\n                                    <a class=\"ui-e-readmore\">\n\n                                                                    <\/a>\n                \n            <\/div>\n        <\/div>\n\t\t\t\t<\/div>\n\t\t\t\t<\/div>\n\t\t\t\t<\/div>\n\t\t\t\t<\/div>\n\t\t\t\t<\/div>\n\t\t\t\t\t<\/div>\n\t\t\t\t<\/div>\n\t\t\t\t<\/div>\n\t\t","protected":false},"excerpt":{"rendered":"<p>Ich habe d\u00fcnne schwarze Linien auf meinen Backenz\u00e4hnen, ist das Karies? Flecken, die als feine Linien erscheinen, sind in der Regel ein [&hellip;]<\/p>\n","protected":false},"author":2,"featured_media":3568,"parent":0,"menu_order":0,"comment_status":"closed","ping_status":"closed","template":"","meta":{"_acf_changed":false,"footnotes":""},"class_list":["post-4156","page","type-page","status-publish","has-post-thumbnail","hentry"],"acf":[],"_links":{"self":[{"href":"https:\/\/www.vefadent.com.tr\/de\/wp-json\/wp\/v2\/pages\/4156","targetHints":{"allow":["GET"]}}],"collection":[{"href":"https:\/\/www.vefadent.com.tr\/de\/wp-json\/wp\/v2\/pages"}],"about":[{"href":"https:\/\/www.vefadent.com.tr\/de\/wp-json\/wp\/v2\/types\/page"}],"author":[{"embeddable":true,"href":"https:\/\/www.vefadent.com.tr\/de\/wp-json\/wp\/v2\/users\/2"}],"replies":[{"embeddable":true,"href":"https:\/\/www.vefadent.com.tr\/de\/wp-json\/wp\/v2\/comments?post=4156"}],"version-history":[{"count":1,"href":"https:\/\/www.vefadent.com.tr\/de\/wp-json\/wp\/v2\/pages\/4156\/revisions"}],"predecessor-version":[{"id":4159,"href":"https:\/\/www.vefadent.com.tr\/de\/wp-json\/wp\/v2\/pages\/4156\/revisions\/4159"}],"wp:featuredmedia":[{"embeddable":true,"href":"https:\/\/www.vefadent.com.tr\/de\/wp-json\/wp\/v2\/media\/3568"}],"wp:attachment":[{"href":"https:\/\/www.vefadent.com.tr\/de\/wp-json\/wp\/v2\/media?parent=4156"}],"curies":[{"name":"wp","href":"https:\/\/api.w.org\/{rel}","templated":true}]}}